{"id":1677,"date":"2022-10-07T22:24:17","date_gmt":"2022-10-07T22:24:17","guid":{"rendered":"https:\/\/fermesleystone.com\/a-propos-de-nous\/"},"modified":"2024-07-17T11:42:48","modified_gmt":"2024-07-17T11:42:48","slug":"a-propos-de-nous","status":"publish","type":"page","link":"https:\/\/fermesleystone.com\/fr\/a-propos-de-nous\/","title":{"rendered":"A propos de nous"},"content":{"rendered":"<p>[et_pb_section fb_built=\u00a0\u00bb1&Prime; _builder_version=\u00a0\u00bb4.16&Prime; _module_preset=\u00a0\u00bbdefault\u00a0\u00bb background_image=\u00a0\u00bbhttps:\/\/fermesleystone.com\/wp-content\/uploads\/2023\/03\/IMG_8236-scaled-e1694606739477.jpeg\u00a0\u00bb custom_padding=\u00a0\u00bb||345px|||\u00a0\u00bb global_colors_info=\u00a0\u00bb{}\u00a0\u00bb][et_pb_row _builder_version=\u00a0\u00bb4.16&Prime; _module_preset=\u00a0\u00bbdefault\u00a0\u00bb global_colors_info=\u00a0\u00bb{}\u00a0\u00bb][et_pb_column type=\u00a0\u00bb4_4&Prime; _builder_version=\u00a0\u00bb4.16&Prime; _module_preset=\u00a0\u00bbdefault\u00a0\u00bb global_colors_info=\u00a0\u00bb{}\u00a0\u00bb][et_pb_text _builder_version=\u00a0\u00bb4.16&Prime; _module_preset=\u00a0\u00bbdefault\u00a0\u00bb text_text_color=\u00a0\u00bb#ffffff\u00a0\u00bb header_text_color=\u00a0\u00bb#ffffff\u00a0\u00bb custom_padding=\u00a0\u00bb76px|||||\u00a0\u00bb global_colors_info=\u00a0\u00bb{}\u00a0\u00bb]<\/p>\n<h1>A propos de nous<\/h1>\n<p>[\/et_pb_text][\/et_pb_column][\/et_pb_row][\/et_pb_section][et_pb_section fb_built=\u00a0\u00bb1&Prime; _builder_version=\u00a0\u00bb4.16&Prime; _module_preset=\u00a0\u00bbdefault\u00a0\u00bb min_height=\u00a0\u00bb526.4px\u00a0\u00bb global_colors_info=\u00a0\u00bb{}\u00a0\u00bb][et_pb_row column_structure=\u00a0\u00bb1_2,1_2&Prime; _builder_version=\u00a0\u00bb4.16&Prime; _module_preset=\u00a0\u00bbdefault\u00a0\u00bb global_colors_info=\u00a0\u00bb{}\u00a0\u00bb][et_pb_column type=\u00a0\u00bb1_2&Prime; _builder_version=\u00a0\u00bb4.16&Prime; _module_preset=\u00a0\u00bbdefault\u00a0\u00bb global_colors_info=\u00a0\u00bb{}\u00a0\u00bb][et_pb_text _builder_version=\u00a0\u00bb4.16&Prime; _module_preset=\u00a0\u00bbdefault\u00a0\u00bb global_colors_info=\u00a0\u00bb{}\u00a0\u00bb]<\/p>\n<h1 class=\"standard__kicker kicker__line aos-init aos-animate\" data-aos=\"hero\" data-aos-anchor=\"[data-section-id='template--15522879111423__custom-content-2']\" data-aos-order=\"1\">DE LA VILLE \u00c0 LA CAMPAGNE<\/h1>\n<div class=\"standard__rte font--3 columns--1 aos-init aos-animate\" data-aos=\"hero\" data-aos-anchor=\"[data-section-id='template--15522879111423__custom-content-2']\" data-aos-order=\"3\">\n<p>Nous n&rsquo;avons pas toujours \u00e9t\u00e9 des agriculteurs. En fait, nous n&rsquo;en sommes qu&rsquo;au d\u00e9but ! Mais nous voulons partager notre exp\u00e9rience avec vous.<\/p>\n<p>Leystone Farms a \u00e9t\u00e9 cr\u00e9\u00e9e en 2020 au pied des collines de la Gatineau.<\/p>\n<p>Clairement identifiable par son magnifique vignoble \u00e0 flanc de colline, Leystone abrite \u00e9galement 10 vari\u00e9t\u00e9s de poules (des \u0153ufs arc-en-ciel, \u00e7a vous dit ?), un doux troupeau de moutons Southdown Babydoll, de moutons \u00e9cossais Blackface\/Valais Blacknose, et leur lama gardien Loretta.<\/p>\n<\/div>\n<p>[\/et_pb_text][\/et_pb_column][et_pb_column type=\u00a0\u00bb1_2&Prime; _builder_version=\u00a0\u00bb4.16&Prime; _module_preset=\u00a0\u00bbdefault\u00a0\u00bb global_colors_info=\u00a0\u00bb{}\u00a0\u00bb][et_pb_video src=\u00a0\u00bbhttps:\/\/fermesleystone.com\/wp-content\/uploads\/2022\/10\/Winter-fly-over.mp4&Prime; _builder_version=\u00a0\u00bb4.16&Prime; _module_preset=\u00a0\u00bbdefault\u00a0\u00bb global_colors_info=\u00a0\u00bb{}\u00a0\u00bb][\/et_pb_video][\/et_pb_column][\/et_pb_row][\/et_pb_section][et_pb_section fb_built=\u00a0\u00bb1&Prime; _builder_version=\u00a0\u00bb4.16&Prime; _module_preset=\u00a0\u00bbdefault\u00a0\u00bb background_image=\u00a0\u00bbhttps:\/\/fermesleystone.com\/wp-content\/uploads\/2023\/08\/Southdown-banner.png\u00a0\u00bb custom_padding=\u00a0\u00bb293px|||||\u00a0\u00bb global_colors_info=\u00a0\u00bb{}\u00a0\u00bb][et_pb_row _builder_version=\u00a0\u00bb4.16&Prime; _module_preset=\u00a0\u00bbdefault\u00a0\u00bb global_colors_info=\u00a0\u00bb{}\u00a0\u00bb][et_pb_column type=\u00a0\u00bb4_4&Prime; _builder_version=\u00a0\u00bb4.16&Prime; _module_preset=\u00a0\u00bbdefault\u00a0\u00bb global_colors_info=\u00a0\u00bb{}\u00a0\u00bb][\/et_pb_column][\/et_pb_row][\/et_pb_section][et_pb_section fb_built=\u00a0\u00bb1&Prime; _builder_version=\u00a0\u00bb4.16&Prime; _module_preset=\u00a0\u00bbdefault\u00a0\u00bb background_image=\u00a0\u00bbhttps:\/\/fermesleystone.com\/wp-content\/uploads\/2023\/08\/vineyard-mist.png\u00a0\u00bb min_height=\u00a0\u00bb336px\u00a0\u00bb custom_padding=\u00a0\u00bb97px||149px|||\u00a0\u00bb global_colors_info=\u00a0\u00bb{}\u00a0\u00bb][et_pb_row _builder_version=\u00a0\u00bb4.16&Prime; _module_preset=\u00a0\u00bbdefault\u00a0\u00bb global_colors_info=\u00a0\u00bb{}\u00a0\u00bb column_structure=\u00a0\u00bb2_5,3_5&Prime;][et_pb_column type=\u00a0\u00bb2_5&Prime; _builder_version=\u00a0\u00bb4.16&Prime; _module_preset=\u00a0\u00bbdefault\u00a0\u00bb global_colors_info=\u00a0\u00bb{}\u00a0\u00bb][et_pb_text _builder_version=\u00a0\u00bb4.23.1&Prime; _module_preset=\u00a0\u00bbdefault\u00a0\u00bb theme_builder_area=\u00a0\u00bbpost_content\u00a0\u00bb hover_enabled=\u00a0\u00bb0&Prime; sticky_enabled=\u00a0\u00bb0&Prime;]<\/p>\n<h1>O\u00f9 nous trouver<\/h1>\n<p>Leystone Farms se trouve \u00e0 seulement 30 minutes des ponts reliant Ottawa \u00e0 Gatineau. Nous sommes nich\u00e9s entre les collines de la Gatineau et la rivi\u00e8re des Outaouais.<\/p>\n<p>Il s&rsquo;agit d&rsquo;un court et beau trajet au c\u0153ur de la campagne et d&rsquo;une merveilleuse occasion d&rsquo;explorer la beaut\u00e9 du Pontiac.<\/p>\n<p>Venez nous rendre visite. Rencontrez nos moutons miniatures, notre lama Loretta, notre alpaga, nos poulets et nos dindes. Promenez-vous dans les vignobles, \u00e9coutez le bourdonnement de nos abeilles et admirez la vue imprenable.<\/p>\n<p>Fermes Leystone<br \/>1965 RTE 148, Luskville, Qu\u00e9bec J0X 2G0<br \/>613-406-4626<br \/>nurture @ leystonefarms.com<\/p>\n<p>[\/et_pb_text][\/et_pb_column][et_pb_column type=\u00a0\u00bb3_5&Prime; _builder_version=\u00a0\u00bb4.16&Prime; _module_preset=\u00a0\u00bbdefault\u00a0\u00bb global_colors_info=\u00a0\u00bb{}\u00a0\u00bb][et_pb_map _builder_version=\u00a0\u00bb4.23.1&Prime; _module_preset=\u00a0\u00bbdefault\u00a0\u00bb theme_builder_area=\u00a0\u00bbpost_content\u00a0\u00bb address=\u00a0\u00bb1965 QC-148, Luskville, QC J0X 2G0, Canada\u00a0\u00bb address_lat=\u00a0\u00bb45.5175056&Prime; address_lng=\u00a0\u00bb-75.984805&Prime; hover_enabled=\u00a0\u00bb0&Prime; sticky_enabled=\u00a0\u00bb0&Prime; zoom_level=\u00a0\u00bb10&Prime;][et_pb_map_pin _builder_version=\u00a0\u00bb4.23.1&Prime; _module_preset=\u00a0\u00bbdefault\u00a0\u00bb theme_builder_area=\u00a0\u00bbpost_content\u00a0\u00bb pin_address=\u00a0\u00bb1965 QC-148, Luskville, QC J0X 2G0, Canada\u00a0\u00bb hover_enabled=\u00a0\u00bb0&Prime; sticky_enabled=\u00a0\u00bb0&Prime; pin_address_lat=\u00a0\u00bb45.5175056&Prime; pin_address_lng=\u00a0\u00bb-75.984805&Prime; zoom_level=\u00a0\u00bb11&Prime;][\/et_pb_map_pin][\/et_pb_map][\/et_pb_column][\/et_pb_row][\/et_pb_section][et_pb_section fb_built=\u00a0\u00bb1&Prime; _builder_version=\u00a0\u00bb4.16&Prime; _module_preset=\u00a0\u00bbdefault\u00a0\u00bb global_colors_info=\u00a0\u00bb{}\u00a0\u00bb][et_pb_row _builder_version=\u00a0\u00bb4.16&Prime; _module_preset=\u00a0\u00bbdefault\u00a0\u00bb global_colors_info=\u00a0\u00bb{}\u00a0\u00bb][et_pb_column type=\u00a0\u00bb4_4&Prime; _builder_version=\u00a0\u00bb4.16&Prime; _module_preset=\u00a0\u00bbdefault\u00a0\u00bb global_colors_info=\u00a0\u00bb{}\u00a0\u00bb][et_pb_text _builder_version=\u00a0\u00bb4.16&Prime; _module_preset=\u00a0\u00bbdefault\u00a0\u00bb global_colors_info=\u00a0\u00bb{}\u00a0\u00bb]<\/p>\n<h1>Nous savons \u00e0 quoi nous en tenir<\/h1>\n<p>En tant que famille, il est important pour nous de reconna\u00eetre l&rsquo;endroit o\u00f9 nous nous trouvons et la terre sur laquelle nous vivons.<\/p>\n<p>Ce lieu, ces terres, appartiennent \u00e0 la nation algonquine Anishinaabe depuis toujours. Notre espoir et notre intention v\u00e9cue sont de g\u00e9rer ces terres d&rsquo;une mani\u00e8re qui honore le pass\u00e9 et fait preuve de responsabilit\u00e9 pour l&rsquo;avenir.  <\/p>\n<p>Dans cet esprit, et dans le cadre de notre engagement \u00e0 l&rsquo;\u00e9gard de la r\u00e9flexion et de l&rsquo;orientation de la <a href=\"https:\/\/www.rcaanc-cirnac.gc.ca\/eng\/1450124405592\/1529106060525\" target=\"_blank\" rel=\"noopener noreferrer\">Commission V\u00e9rit\u00e9 et R\u00e9conciliation<\/a>, nous proposons la reconnaissance fonci\u00e8re suivante, que nous consid\u00e9rons comme une \u00e9tape suppl\u00e9mentaire que nous pouvons franchir ensemble.<\/p>\n<p>[\/et_pb_text][\/et_pb_column][\/et_pb_row][\/et_pb_section][et_pb_section fb_built=\u00a0\u00bb1&Prime; _builder_version=\u00a0\u00bb4.16&Prime; _module_preset=\u00a0\u00bbdefault\u00a0\u00bb background_color=\u00a0\u00bb#414042&Prime; custom_margin=\u00a0\u00bb||-1px|||\u00a0\u00bb global_colors_info=\u00a0\u00bb{}\u00a0\u00bb][et_pb_row _builder_version=\u00a0\u00bb4.16&Prime; _module_preset=\u00a0\u00bbdefault\u00a0\u00bb global_colors_info=\u00a0\u00bb{}\u00a0\u00bb][et_pb_column type=\u00a0\u00bb4_4&Prime; _builder_version=\u00a0\u00bb4.16&Prime; _module_preset=\u00a0\u00bbdefault\u00a0\u00bb global_colors_info=\u00a0\u00bb{}\u00a0\u00bb][et_pb_text _builder_version=\u00a0\u00bb4.16&Prime; _module_preset=\u00a0\u00bbdefault\u00a0\u00bb text_font=\u00a0\u00bbMontserrat|600|||||||\u00a0\u00bb header_text_color=\u00a0\u00bb#ffffff\u00a0\u00bb background_layout=\u00a0\u00bbdark\u00a0\u00bb custom_padding=\u00a0\u00bb||14px|||\u00a0\u00bb global_colors_info=\u00a0\u00bb{}\u00a0\u00bb]<\/p>\n<h1>Reconnaissance des terres de Leystone<\/h1>\n<p>&nbsp;<\/p>\n<p>Ni n\u00e0n\u00ecbawimin ondaje n\u00f2ngom Anishin\u00e0be aking mamawe ogo Anishin\u00e0beg n\u00e0gadawedjig iyo ak\u00ec.<\/p>\n<p>Ni ap\u00ectenindamin kidji taniz\u00ecy\u00e0ng ondaje mamawe kakina aw\u00ecyeg kidji m\u00e0midonendameng kidondamit\u00e0winan k\u00e0n ishkw\u00e0t\u00e0s\u00ecmin kidji weshton w\u00ecdjikewewin ka bikoseg pinaw\u00ecgo w\u00ecdokod\u00e0d\u00ecyeng mamawe kidiji ondamit\u00e0 kakina kego mino pideg.<\/p>\n<p>K\u00e0n nida gashkit\u00f2simin kidji kidiyan p\u00ecdijashin ozam k\u00e0n dabend\u00e0zin\u00e0n\u00e0n iyo ak\u00ec. N\u00f2ngom nigishkod\u00e0dimin ondaje mamawe m\u00ecgwechiwewin, sag\u00ecdawin ashidj niwi ondamit\u00e0min mamawe kakina Anishin\u00e0beg, memind\u00e0ge ogog k\u00e0 ijinik\u00e0damow\u00e0dj iyo kwen\u00e0dj ak\u00ec endong.<\/p>\n<p><img data-recalc-dims=\"1\" loading=\"lazy\" decoding=\"async\" src=\"https:\/\/i0.wp.com\/fermesleystone.com\/wp-content\/uploads\/2022\/10\/cropped-Favicon-01-1.png?resize=20%2C20&#038;ssl=1\" width=\"20\" height=\"20\" alt=\"\" class=\"wp-image-548 aligncenter size-medium\"><\/p>\n<p>Nous nous trouvons sur le territoire non c\u00e9d\u00e9 de la nation algonquine Anishinaabe, qui est la gardienne traditionnelle de cette terre.<\/p>\n<p>Nous sommes profond\u00e9ment honor\u00e9s d&rsquo;\u00eatre ici et de partager cette reconnaissance afin de nous rappeler, ainsi qu&rsquo;\u00e0 chaque personne qui nous rejoint ici, que notre travail n&rsquo;est pas termin\u00e9 alors que nous cherchons \u00e0 r\u00e9parer les relations qui ont \u00e9t\u00e9 si profond\u00e9ment bless\u00e9es.<\/p>\n<p>Nous ne pouvons pas vous accueillir ici car cette terre n&rsquo;est pas la n\u00f4tre. C&rsquo;est donc avec gratitude, ouverture et le d\u00e9sir de travailler en solidarit\u00e9 avec tous les peuples autochtones, en particulier ceux qui vivent sur ce magnifique territoire, que nous nous retrouvons aujourd&rsquo;hui en ce lieu.<\/p>\n<p>[\/et_pb_text][\/et_pb_column][\/et_pb_row][\/et_pb_section]<\/p>\n","protected":false},"excerpt":{"rendered":"<p>A propos de nousDE LA VILLE \u00c0 LA CAMPAGNE Nous n&rsquo;avons pas toujours \u00e9t\u00e9 des agriculteurs. En fait, nous n&rsquo;en sommes qu&rsquo;au d\u00e9but ! Mais nous voulons partager notre exp\u00e9rience avec vous. Leystone Farms a \u00e9t\u00e9 cr\u00e9\u00e9e en 2020 au pied des collines de la Gatineau. Clairement identifiable par son magnifique vignoble \u00e0 flanc de [&hellip;]<\/p>\n","protected":false},"author":2,"featured_media":0,"parent":0,"menu_order":0,"comment_status":"closed","ping_status":"closed","template":"","meta":{"_et_pb_use_builder":"on","_et_pb_old_content":"","_et_gb_content_width":"","footnotes":""},"class_list":["post-1677","page","type-page","status-publish","hentry"],"yoast_head":"<!-- This site is optimized with the Yoast SEO plugin v24.4 - https:\/\/yoast.com\/wordpress\/plugins\/seo\/ -->\n<title>A propos de nous - Fermes Leystone<\/title>\n<meta name=\"robots\" content=\"index, follow, max-snippet:-1, max-image-preview:large, max-video-preview:-1\" \/>\n<link rel=\"canonical\" href=\"https:\/\/fermesleystone.com\/fr\/a-propos-de-nous\/\" \/>\n<meta property=\"og:locale\" content=\"fr_FR\" \/>\n<meta property=\"og:type\" content=\"article\" \/>\n<meta property=\"og:title\" content=\"A propos de nous - Fermes Leystone\" \/>\n<meta property=\"og:description\" content=\"A propos de nousDE LA VILLE \u00c0 LA CAMPAGNE Nous n&#039;avons pas toujours \u00e9t\u00e9 des agriculteurs. En fait, nous n&#039;en sommes qu&#039;au d\u00e9but ! Mais nous voulons partager notre exp\u00e9rience avec vous. Leystone Farms a \u00e9t\u00e9 cr\u00e9\u00e9e en 2020 au pied des collines de la Gatineau. Clairement identifiable par son magnifique vignoble \u00e0 flanc de [&hellip;]\" \/>\n<meta property=\"og:url\" content=\"https:\/\/fermesleystone.com\/fr\/a-propos-de-nous\/\" \/>\n<meta property=\"og:site_name\" content=\"Fermes Leystone\" \/>\n<meta property=\"article:publisher\" content=\"https:\/\/www.facebook.com\/LeystoneFarms\" \/>\n<meta property=\"article:modified_time\" content=\"2024-07-17T11:42:48+00:00\" \/>\n<meta property=\"og:image\" content=\"https:\/\/fermesleystone.com\/wp-content\/uploads\/2022\/10\/cropped-Favicon-01-1-300x300.png\" \/>\n<meta name=\"twitter:card\" content=\"summary_large_image\" \/>\n<meta name=\"twitter:label1\" content=\"Dur\u00e9e de lecture estim\u00e9e\" \/>\n\t<meta name=\"twitter:data1\" content=\"5 minutes\" \/>\n<script type=\"application\/ld+json\" class=\"yoast-schema-graph\">{\"@context\":\"https:\/\/schema.org\",\"@graph\":[{\"@type\":\"WebPage\",\"@id\":\"https:\/\/fermesleystone.com\/fr\/a-propos-de-nous\/\",\"url\":\"https:\/\/fermesleystone.com\/fr\/a-propos-de-nous\/\",\"name\":\"A propos de nous - Fermes Leystone\",\"isPartOf\":{\"@id\":\"https:\/\/fermesleystone.com\/fr\/#website\"},\"primaryImageOfPage\":{\"@id\":\"https:\/\/fermesleystone.com\/fr\/a-propos-de-nous\/#primaryimage\"},\"image\":{\"@id\":\"https:\/\/fermesleystone.com\/fr\/a-propos-de-nous\/#primaryimage\"},\"thumbnailUrl\":\"https:\/\/fermesleystone.com\/wp-content\/uploads\/2022\/10\/cropped-Favicon-01-1-300x300.png\",\"datePublished\":\"2022-10-07T22:24:17+00:00\",\"dateModified\":\"2024-07-17T11:42:48+00:00\",\"breadcrumb\":{\"@id\":\"https:\/\/fermesleystone.com\/fr\/a-propos-de-nous\/#breadcrumb\"},\"inLanguage\":\"fr-FR\",\"potentialAction\":[{\"@type\":\"ReadAction\",\"target\":[\"https:\/\/fermesleystone.com\/fr\/a-propos-de-nous\/\"]}]},{\"@type\":\"ImageObject\",\"inLanguage\":\"fr-FR\",\"@id\":\"https:\/\/fermesleystone.com\/fr\/a-propos-de-nous\/#primaryimage\",\"url\":\"https:\/\/fermesleystone.com\/wp-content\/uploads\/2022\/10\/cropped-Favicon-01-1-300x300.png\",\"contentUrl\":\"https:\/\/fermesleystone.com\/wp-content\/uploads\/2022\/10\/cropped-Favicon-01-1-300x300.png\"},{\"@type\":\"BreadcrumbList\",\"@id\":\"https:\/\/fermesleystone.com\/fr\/a-propos-de-nous\/#breadcrumb\",\"itemListElement\":[{\"@type\":\"ListItem\",\"position\":1,\"name\":\"Home\",\"item\":\"https:\/\/fermesleystone.com\/fr\/\"},{\"@type\":\"ListItem\",\"position\":2,\"name\":\"A propos de nous\"}]},{\"@type\":\"WebSite\",\"@id\":\"https:\/\/fermesleystone.com\/fr\/#website\",\"url\":\"https:\/\/fermesleystone.com\/fr\/\",\"name\":\"Fermes Leystone\",\"description\":\"Regenerative farm and vineyard in the Pontiac, Quebec\",\"publisher\":{\"@id\":\"https:\/\/fermesleystone.com\/fr\/#organization\"},\"potentialAction\":[{\"@type\":\"SearchAction\",\"target\":{\"@type\":\"EntryPoint\",\"urlTemplate\":\"https:\/\/fermesleystone.com\/fr\/?s={search_term_string}\"},\"query-input\":{\"@type\":\"PropertyValueSpecification\",\"valueRequired\":true,\"valueName\":\"search_term_string\"}}],\"inLanguage\":\"fr-FR\"},{\"@type\":\"Organization\",\"@id\":\"https:\/\/fermesleystone.com\/fr\/#organization\",\"name\":\"Fermes Leystone\",\"url\":\"https:\/\/fermesleystone.com\/fr\/\",\"logo\":{\"@type\":\"ImageObject\",\"inLanguage\":\"fr-FR\",\"@id\":\"https:\/\/fermesleystone.com\/fr\/#\/schema\/logo\/image\/\",\"url\":\"https:\/\/fermesleystone.com\/wp-content\/uploads\/2022\/10\/LEYSTONE_logo_final_2-tone_mortar_grey-e1665165989188.png\",\"contentUrl\":\"https:\/\/fermesleystone.com\/wp-content\/uploads\/2022\/10\/LEYSTONE_logo_final_2-tone_mortar_grey-e1665165989188.png\",\"width\":5600,\"height\":1960,\"caption\":\"Fermes Leystone\"},\"image\":{\"@id\":\"https:\/\/fermesleystone.com\/fr\/#\/schema\/logo\/image\/\"},\"sameAs\":[\"https:\/\/www.facebook.com\/LeystoneFarms\",\"https:\/\/www.instagram.com\/leystonefarms\/\"]}]}<\/script>\n<!-- \/ Yoast SEO plugin. -->","yoast_head_json":{"title":"A propos de nous - Fermes Leystone","robots":{"index":"index","follow":"follow","max-snippet":"max-snippet:-1","max-image-preview":"max-image-preview:large","max-video-preview":"max-video-preview:-1"},"canonical":"https:\/\/fermesleystone.com\/fr\/a-propos-de-nous\/","og_locale":"fr_FR","og_type":"article","og_title":"A propos de nous - Fermes Leystone","og_description":"A propos de nousDE LA VILLE \u00c0 LA CAMPAGNE Nous n'avons pas toujours \u00e9t\u00e9 des agriculteurs. En fait, nous n'en sommes qu'au d\u00e9but ! Mais nous voulons partager notre exp\u00e9rience avec vous. Leystone Farms a \u00e9t\u00e9 cr\u00e9\u00e9e en 2020 au pied des collines de la Gatineau. Clairement identifiable par son magnifique vignoble \u00e0 flanc de [&hellip;]","og_url":"https:\/\/fermesleystone.com\/fr\/a-propos-de-nous\/","og_site_name":"Fermes Leystone","article_publisher":"https:\/\/www.facebook.com\/LeystoneFarms","article_modified_time":"2024-07-17T11:42:48+00:00","og_image":[{"url":"https:\/\/fermesleystone.com\/wp-content\/uploads\/2022\/10\/cropped-Favicon-01-1-300x300.png","type":"","width":"","height":""}],"twitter_card":"summary_large_image","twitter_misc":{"Dur\u00e9e de lecture estim\u00e9e":"5 minutes"},"schema":{"@context":"https:\/\/schema.org","@graph":[{"@type":"WebPage","@id":"https:\/\/fermesleystone.com\/fr\/a-propos-de-nous\/","url":"https:\/\/fermesleystone.com\/fr\/a-propos-de-nous\/","name":"A propos de nous - Fermes Leystone","isPartOf":{"@id":"https:\/\/fermesleystone.com\/fr\/#website"},"primaryImageOfPage":{"@id":"https:\/\/fermesleystone.com\/fr\/a-propos-de-nous\/#primaryimage"},"image":{"@id":"https:\/\/fermesleystone.com\/fr\/a-propos-de-nous\/#primaryimage"},"thumbnailUrl":"https:\/\/fermesleystone.com\/wp-content\/uploads\/2022\/10\/cropped-Favicon-01-1-300x300.png","datePublished":"2022-10-07T22:24:17+00:00","dateModified":"2024-07-17T11:42:48+00:00","breadcrumb":{"@id":"https:\/\/fermesleystone.com\/fr\/a-propos-de-nous\/#breadcrumb"},"inLanguage":"fr-FR","potentialAction":[{"@type":"ReadAction","target":["https:\/\/fermesleystone.com\/fr\/a-propos-de-nous\/"]}]},{"@type":"ImageObject","inLanguage":"fr-FR","@id":"https:\/\/fermesleystone.com\/fr\/a-propos-de-nous\/#primaryimage","url":"https:\/\/fermesleystone.com\/wp-content\/uploads\/2022\/10\/cropped-Favicon-01-1-300x300.png","contentUrl":"https:\/\/fermesleystone.com\/wp-content\/uploads\/2022\/10\/cropped-Favicon-01-1-300x300.png"},{"@type":"BreadcrumbList","@id":"https:\/\/fermesleystone.com\/fr\/a-propos-de-nous\/#breadcrumb","itemListElement":[{"@type":"ListItem","position":1,"name":"Home","item":"https:\/\/fermesleystone.com\/fr\/"},{"@type":"ListItem","position":2,"name":"A propos de nous"}]},{"@type":"WebSite","@id":"https:\/\/fermesleystone.com\/fr\/#website","url":"https:\/\/fermesleystone.com\/fr\/","name":"Fermes Leystone","description":"Regenerative farm and vineyard in the Pontiac, Quebec","publisher":{"@id":"https:\/\/fermesleystone.com\/fr\/#organization"},"potentialAction":[{"@type":"SearchAction","target":{"@type":"EntryPoint","urlTemplate":"https:\/\/fermesleystone.com\/fr\/?s={search_term_string}"},"query-input":{"@type":"PropertyValueSpecification","valueRequired":true,"valueName":"search_term_string"}}],"inLanguage":"fr-FR"},{"@type":"Organization","@id":"https:\/\/fermesleystone.com\/fr\/#organization","name":"Fermes Leystone","url":"https:\/\/fermesleystone.com\/fr\/","logo":{"@type":"ImageObject","inLanguage":"fr-FR","@id":"https:\/\/fermesleystone.com\/fr\/#\/schema\/logo\/image\/","url":"https:\/\/fermesleystone.com\/wp-content\/uploads\/2022\/10\/LEYSTONE_logo_final_2-tone_mortar_grey-e1665165989188.png","contentUrl":"https:\/\/fermesleystone.com\/wp-content\/uploads\/2022\/10\/LEYSTONE_logo_final_2-tone_mortar_grey-e1665165989188.png","width":5600,"height":1960,"caption":"Fermes Leystone"},"image":{"@id":"https:\/\/fermesleystone.com\/fr\/#\/schema\/logo\/image\/"},"sameAs":["https:\/\/www.facebook.com\/LeystoneFarms","https:\/\/www.instagram.com\/leystonefarms\/"]}]}},"jetpack_sharing_enabled":true,"_links":{"self":[{"href":"https:\/\/fermesleystone.com\/fr\/wp-json\/wp\/v2\/pages\/1677","targetHints":{"allow":["GET"]}}],"collection":[{"href":"https:\/\/fermesleystone.com\/fr\/wp-json\/wp\/v2\/pages"}],"about":[{"href":"https:\/\/fermesleystone.com\/fr\/wp-json\/wp\/v2\/types\/page"}],"author":[{"embeddable":true,"href":"https:\/\/fermesleystone.com\/fr\/wp-json\/wp\/v2\/users\/2"}],"replies":[{"embeddable":true,"href":"https:\/\/fermesleystone.com\/fr\/wp-json\/wp\/v2\/comments?post=1677"}],"version-history":[{"count":3,"href":"https:\/\/fermesleystone.com\/fr\/wp-json\/wp\/v2\/pages\/1677\/revisions"}],"predecessor-version":[{"id":1681,"href":"https:\/\/fermesleystone.com\/fr\/wp-json\/wp\/v2\/pages\/1677\/revisions\/1681"}],"wp:attachment":[{"href":"https:\/\/fermesleystone.com\/fr\/wp-json\/wp\/v2\/media?parent=1677"}],"curies":[{"name":"wp","href":"https:\/\/api.w.org\/{rel}","templated":true}]}}