{"id":2115,"date":"2024-12-27T16:30:09","date_gmt":"2024-12-27T16:30:09","guid":{"rendered":"https:\/\/fermesleystone.com\/auto-draft\/"},"modified":"2025-03-01T17:22:55","modified_gmt":"2025-03-01T17:22:55","slug":"auto-draft","status":"publish","type":"page","link":"https:\/\/fermesleystone.com\/fr\/auto-draft\/","title":{"rendered":"Retraite Flock &amp; Fibre"},"content":{"rendered":"<p>[et_pb_section fb_built=\u00a0\u00bb1&Prime; _builder_version=\u00a0\u00bb4.23.1&Prime; _module_preset=\u00a0\u00bbdefault\u00a0\u00bb background_color=\u00a0\u00bbrgba(62,0,15,0.06)\u00a0\u00bb background_image=\u00a0\u00bbhttps:\/\/fermesleystone.com\/wp-content\/uploads\/2024\/12\/00-Sheep-Grazing.jpg\u00a0\u00bb background_blend=\u00a0\u00bbdarken\u00a0\u00bb global_colors_info=\u00a0\u00bb{}\u00a0\u00bb][et_pb_row column_structure=\u00a0\u00bb3_5,2_5&Prime; _builder_version=\u00a0\u00bb4.23.1&Prime; _module_preset=\u00a0\u00bbdefault\u00a0\u00bb custom_margin=\u00a0\u00bb|auto|95px|auto||\u00a0\u00bb global_colors_info=\u00a0\u00bb{}\u00a0\u00bb][et_pb_column type=\u00a0\u00bb3_5&Prime; _builder_version=\u00a0\u00bb4.23.1&Prime; _module_preset=\u00a0\u00bbdefault\u00a0\u00bb global_colors_info=\u00a0\u00bb{}\u00a0\u00bb][et_pb_text _builder_version=\u00a0\u00bb4.23.1&Prime; _module_preset=\u00a0\u00bbdefault\u00a0\u00bb header_text_color=\u00a0\u00bb#FFFFFF\u00a0\u00bb header_font_size=\u00a0\u00bb41px\u00a0\u00bb header_2_text_color=\u00a0\u00bb#FFFFFF\u00a0\u00bb background_color=\u00a0\u00bbrgba(65,64,66,0.62)\u00a0\u00bb custom_margin=\u00a0\u00bb98px|115px|||false|false\u00a0\u00bb custom_padding=\u00a0\u00bb20px|0px|20px|20px|false|false\u00a0\u00bb text_text_shadow_style=\u00a0\u00bbpreset3&Prime; text_text_shadow_vertical_length=\u00a0\u00bb-0.01em\u00a0\u00bb text_text_shadow_blur_strength=\u00a0\u00bb2em\u00a0\u00bb text_text_shadow_color=\u00a0\u00bb#3E000F\u00a0\u00bb global_colors_info=\u00a0\u00bb{}\u00a0\u00bb]<\/p>\n<h1>Retraite Flock &amp; Fibre<\/h1>\n<h2><strong><\/strong><\/h2>\n<h2><strong><\/strong><\/h2>\n<h2><strong>Une retraite unique en son genre pour les tricoteurs, <br \/><\/strong><strong>artisans et artistes de la fibre<\/strong><\/h2>\n<p>[\/et_pb_text][\/et_pb_column][et_pb_column type=\u00a0\u00bb2_5&Prime; _builder_version=\u00a0\u00bb4.23.1&Prime; _module_preset=\u00a0\u00bbdefault\u00a0\u00bb global_colors_info=\u00a0\u00bb{}\u00a0\u00bb][\/et_pb_column][\/et_pb_row][\/et_pb_section][et_pb_section fb_built=\u00a0\u00bb1&Prime; admin_label=\u00a0\u00bbJuice Categories Section\u00a0\u00bb _builder_version=\u00a0\u00bb4.16&Prime; custom_padding=\u00a0\u00bb37px|0px|4px|0px||\u00a0\u00bb global_colors_info=\u00a0\u00bb{}\u00a0\u00bb][et_pb_row column_structure=\u00a0\u00bb1_2,1_2&Prime; admin_label=\u00a0\u00bbTypes de jus Rang\u00e9e\u00a0\u00bb _builder_version=\u00a0\u00bb4.16&Prime; custom_margin=\u00a0\u00bb18px|auto||auto||\u00a0\u00bb global_colors_info=\u00a0\u00bb{}\u00a0\u00bb][et_pb_column type=\u00a0\u00bb1_2&Prime; _builder_version=\u00a0\u00bb4.16&Prime; custom_padding=\u00a0\u00bb|||\u00a0\u00bb global_colors_info=\u00a0\u00bb{}\u00a0\u00bb custom_padding__hover=\u00a0\u00bb|||\u00a0\u00bb][et_pb_text _builder_version=\u00a0\u00bb4.23.1&Prime; _module_preset=\u00a0\u00bbdefault\u00a0\u00bb global_colors_info=\u00a0\u00bb{}\u00a0\u00bb]<\/p>\n<h2><strong>Une retraite pour les tricoteurs, les crocheteurs, les fileurs et les artisans<\/strong><\/h2>\n<p>&nbsp;<\/p>\n<p>Retirez-vous \u00e0 la campagne et plongez-vous dans la beaut\u00e9 sereine de la <a href=\"https:\/\/www.instagram.com\/reel\/DD5HRDwRom8\/?utm_source=ig_web_copy_link&amp;igsh=MzRlODBiNWFlZA==\">cabane du berger<\/a>, qui est entour\u00e9e d&rsquo;enclos \u00e0 moutons sur trois c\u00f4t\u00e9s !<\/p>\n<p>Nich\u00e9e au c\u0153ur des collines de la Gatineau, cette retraite douillette est con\u00e7ue pour deux personnes, offrant un week-end paisible o\u00f9 vous pourrez renouer avec la nature et votre cr\u00e9ativit\u00e9.<\/p>\n<p>Entour\u00e9 du doux b\u00ealement des moutons et de la chaleur de la campagne, vous trouverez le cadre id\u00e9al pour vous d\u00e9tendre et vous adonner \u00e0 l&rsquo;art intemporel du tricot.<\/p>\n<p>Pendant votre s\u00e9jour, vous aurez l&rsquo;occasion d&rsquo;interagir avec notre troupeau bien-aim\u00e9. Sentez le lien entre la terre, les animaux et la fibre en profitant de moments paisibles avec ces douces cr\u00e9atures. <\/p>\n<p>Dans le cadre de la retraite, vous recevrez un kit de tricot sp\u00e9cialement con\u00e7u, comprenant un magnifique mod\u00e8le et des mat\u00e9riaux qui refl\u00e8tent le c\u0153ur de la ferme.<\/p>\n<p>Que vous soyez une tricoteuse exp\u00e9riment\u00e9e ou d\u00e9butante, cette retraite vous laissera un sentiment d&rsquo;inspiration et d&rsquo;accomplissement.<\/p>\n<p>Con\u00e7ue pour les personnes \u00e0 la recherche d&rsquo;un m\u00e9lange de relaxation, de cr\u00e9ativit\u00e9 et de connexion, cette retraite est plus qu&rsquo;une simple escapade d&rsquo;un week-end &#8211; c&rsquo;est l&rsquo;occasion d&rsquo;adopter un rythme plus lent, de savourer le rythme de la ferme et de cr\u00e9er quelque chose de vraiment significatif.<\/p>\n<p>&nbsp;<\/p>\n<h2>Les d\u00e9tails<\/h2>\n<ul>\n<li>325 $ pour 3 jours et 2 nuits (taxes en sus)<\/li>\n<li>Comprend un mod\u00e8le de tricot personnalis\u00e9 et du fil.<\/li>\n<li>Vous aurez l&rsquo;occasion de rencontrer le troupeau, y compris nos moutons miniatures Southdown Babydoll, les alpagas et Loretta le lama.<\/li>\n<li>Notre berger r\u00e9sident et notre professeur de tricot seront disponibles pour passer du temps avec vous pendant votre s\u00e9jour.<\/li>\n<li>Maximum 2 adultes<\/li>\n<li>50% d&rsquo;acompte non remboursable \u00e0 la r\u00e9servation<\/li>\n<li>L&rsquo;enregistrement se fait \u00e0 partir de 15 heures et le d\u00e9part \u00e0 11 heures.<\/li>\n<li>Interdiction de fumer et d&rsquo;avoir des animaux domestiques<\/li>\n<li>Il n&rsquo;y a pas d&rsquo;eau chaude courante<\/li>\n<\/ul>\n<p>[\/et_pb_text][\/et_pb_column][et_pb_column type=\u00a0\u00bb1_2&Prime; _builder_version=\u00a0\u00bb4.16&Prime; custom_padding=\u00a0\u00bb|||\u00a0\u00bb global_colors_info=\u00a0\u00bb{}\u00a0\u00bb custom_padding__hover=\u00a0\u00bb|||\u00a0\u00bb][et_pb_image src=\u00a0\u00bbhttps:\/\/fermesleystone.com\/wp-content\/uploads\/2024\/12\/miniature-sheep.png\u00a0\u00bb alt=\u00a0\u00bbTiny Home Rental, Tiny House Rental, Tiny Home, Tiny Home Leystone Farms, Fermes Leystone, Leystone, Leystone Farms, Fermes Leystone Farms, miel, laine, vinaigre, homestead, homesteading, simple life, simplicity, nurture, nurturing, Pontiac, Pontiac Quebec, Pontiac QC, Luskville, vineyard.\u00a0\u00bb title_text=\u00a0\u00bbmouton miniature\u00a0\u00bb _builder_version=\u00a0\u00bb4.23.1&Prime; _module_preset=\u00a0\u00bbdefault\u00a0\u00bb global_colors_info=\u00a0\u00bb{}\u00a0\u00bb][\/et_pb_image][et_pb_image src=\u00a0\u00bbhttps:\/\/fermesleystone.com\/wp-content\/uploads\/2024\/12\/shepherds-cabin.png\u00a0\u00bb alt=\u00a0\u00bbTiny Home Rental, Tiny House Rental, Tiny Home, Tiny Home Leystone Farms, Fermes Leystone, Leystone, Leystone Farms, Fermes Leystone Farms, miel, laine, vinaigre, homestead, homesteading, simple life, simplicity, nurture, nurturing, Pontiac, Pontiac Quebec, Pontiac QC, Luskville, vineyard.\u00a0\u00bb title_text=\u00a0\u00bbcabane de berger\u00a0\u00bb _builder_version=\u00a0\u00bb4.23.1&Prime; _module_preset=\u00a0\u00bbdefault\u00a0\u00bb global_colors_info=\u00a0\u00bb{}\u00a0\u00bb][\/et_pb_image][\/et_pb_column][\/et_pb_row][\/et_pb_section][et_pb_section fb_built=\u00a0\u00bb1&Prime; _builder_version=\u00a0\u00bb4.23.1&Prime; _module_preset=\u00a0\u00bbdefault\u00a0\u00bb min_height=\u00a0\u00bb1732.4px\u00a0\u00bb custom_margin=\u00a0\u00bb-2px|||||\u00a0\u00bb global_colors_info=\u00a0\u00bb{}\u00a0\u00bb][et_pb_row column_structure=\u00a0\u00bb3_5,2_5&Prime; _builder_version=\u00a0\u00bb4.23.1&Prime; _module_preset=\u00a0\u00bbdefault\u00a0\u00bb global_colors_info=\u00a0\u00bb{}\u00a0\u00bb][et_pb_column type=\u00a0\u00bb3_5&Prime; _builder_version=\u00a0\u00bb4.23.1&Prime; _module_preset=\u00a0\u00bbdefault\u00a0\u00bb global_colors_info=\u00a0\u00bb{}\u00a0\u00bb][et_pb_text _builder_version=\u00a0\u00bb4.23.1&Prime; _module_preset=\u00a0\u00bbdefault\u00a0\u00bb ul_line_height=\u00a0\u00bb1.4em\u00a0\u00bb background_color=\u00a0\u00bbrgba(167,169,172,0.16)\u00a0\u00bb custom_padding=\u00a0\u00bb30px|20px|30px|20px|false|false\u00a0\u00bb global_colors_info=\u00a0\u00bb{}\u00a0\u00bb]<\/p>\n<h2>L&rsquo;<strong> essentiel<\/strong><\/h2>\n<p><strong><\/strong><\/p>\n<p>Nous nous sommes efforc\u00e9s de rendre ce processus aussi simple et agr\u00e9able que possible. Voici ce que vous devez savoir :<\/p>\n<p><strong>Localisation<\/strong><\/p>\n<ul>\n<li style=\"font-weight: 400;\" aria-level=\"1\"><span style=\"font-weight: 400;\">Leystone Farms est nich\u00e9 au pied des collines de la Gatineau \u00e0 Luskville, au Qu\u00e9bec, \u00e0 seulement 30 minutes des ponts reliant Ottawa et Gatineau. Nous sommes au 1965 RTE 148, Luskville, QC J0X2G0.<\/span><\/li>\n<\/ul>\n<p><strong>Capacit\u00e9<\/strong><\/p>\n<ul>\n<li><span style=\"font-weight: 400;\">C&rsquo;est une v\u00e9ritable petite maison. Deux personnes maximum. Un grand lit.    <\/span><\/li>\n<\/ul>\n<p><strong>Langue<\/strong><\/p>\n<ul>\n<li style=\"font-weight: 400;\" aria-level=\"1\"><span style=\"font-weight: 400;\">Nous pouvons vous fournir des services en fran\u00e7ais ou en anglais.<\/span><\/li>\n<\/ul>\n<p><strong>Animaux de compagnie<\/strong><\/p>\n<ul>\n<li style=\"font-weight: 400;\" aria-level=\"1\"><span style=\"font-weight: 400;\">Malheureusement, les animaux domestiques ne sont pas admis \u00e0 la ferme.<\/span><\/li>\n<\/ul>\n<p><strong>Installations<\/strong><\/p>\n<ul>\n<li style=\"font-weight: 400;\" aria-level=\"1\"><span style=\"font-weight: 400;\">Des toilettes sont disponibles sur place.  <\/span><\/li>\n<li style=\"font-weight: 400;\" aria-level=\"1\"><span style=\"font-weight: 400;\">Un parking est disponible &#8211; gratuitement bien s\u00fbr !<\/span><\/li>\n<li style=\"font-weight: 400;\" aria-level=\"1\"><span style=\"font-weight: 400;\">Nous disposons de tables de pique-nique et de zones ombrag\u00e9es pour vous reposer.<\/span><\/li>\n<li style=\"font-weight: 400;\" aria-level=\"1\"><span style=\"font-weight: 400;\">Un endroit isol\u00e9 pour le petit-d\u00e9jeuner en plein air.<\/span><\/li>\n<li style=\"font-weight: 400;\" aria-level=\"1\"><span style=\"font-weight: 400;\">Foyer.<\/span><\/li>\n<\/ul>\n<p><strong>Ce qui est fourni<\/strong><\/p>\n<ul>\n<li>Literie et oreillers<\/li>\n<li>Livres et mat\u00e9riel de lecture<\/li>\n<li>Jeux de soci\u00e9t\u00e9<\/li>\n<li>Ventilateur portable<\/li>\n<li>Trousse de premiers secours<\/li>\n<li>Extincteur<\/li>\n<\/ul>\n<p><strong>Cuisine<\/strong><\/p>\n<ul>\n<li>R\u00e9frig\u00e9rateur miniature<\/li>\n<li>Vaisselle, argenterie, tasses et verres<\/li>\n<li>Les bases de la cuisine<\/li>\n<li>R\u00e9chaud \u00e0 deux feux<\/li>\n<\/ul>\n<p><strong>Ext\u00e9rieur<\/strong><\/p>\n<ul>\n<li>L&rsquo;une des plus belles vues que vous puissiez trouver !<\/li>\n<li>Hamac en \u00e9t\u00e9<\/li>\n<li>Ensemble de terrasse avec parasol<\/li>\n<\/ul>\n<ul><\/ul>\n<p><strong>Communaut\u00e9<\/strong><\/p>\n<ul>\n<li style=\"font-weight: 400;\" aria-level=\"1\"><span style=\"font-weight: 400;\">Nous sommes une ferme inclusive et accueillante. Nous acceptons tout le monde ici et nous demandons seulement que nous nous traitions les uns les autres avec un profond respect et une grande dignit\u00e9.  <\/span><\/li>\n<\/ul>\n<p><strong>Partage<\/strong><strong><\/strong><\/p>\n<ul>\n<li style=\"font-weight: 400;\" aria-level=\"1\"><span style=\"font-weight: 400;\">Vous pouvez prendre des photos et les partager.<\/span><\/li>\n<\/ul>\n<p><strong>Ce que nous n&rsquo;incluons pas<\/strong><\/p>\n<ul>\n<li style=\"font-weight: 400;\" aria-level=\"1\"><span style=\"font-weight: 400;\">T\u00e9l\u00e9vision<\/span><\/li>\n<li style=\"font-weight: 400;\" aria-level=\"1\"><span style=\"font-weight: 400;\">Climatisation<\/span><\/li>\n<li style=\"font-weight: 400;\" aria-level=\"1\"><span style=\"font-weight: 400;\">Blanchisserie<\/span><\/li>\n<\/ul>\n<p>[\/et_pb_text][\/et_pb_column][et_pb_column type=\u00a0\u00bb2_5&Prime; _builder_version=\u00a0\u00bb4.23.1&Prime; _module_preset=\u00a0\u00bbdefault\u00a0\u00bb global_colors_info=\u00a0\u00bb{}\u00a0\u00bb][et_pb_text _builder_version=\u00a0\u00bb4.23.1&Prime; _module_preset=\u00a0\u00bbdefault\u00a0\u00bb global_colors_info=\u00a0\u00bb{}\u00a0\u00bb]<\/p>\n<p style=\"text-align: center;\">Votre retraite comprend le kit de tricotage Moonrise Mittens. Il est accompagn\u00e9 d&rsquo;instructions d\u00e9taill\u00e9es (en taille) et du fil n\u00e9cessaire pour r\u00e9aliser le projet.   <\/p>\n<p>[\/et_pb_text][et_pb_image src=\u00a0\u00bbhttps:\/\/fermesleystone.com\/wp-content\/uploads\/2024\/12\/Moonrise-Mittens-pattern-copyright-Fermes-Leystone-Farms-Inc.-2023.png\u00a0\u00bb alt=\u00a0\u00bbMoonrise Mittens Pattern, Fermes Leystone, Leystone, Leystone Farms, Fermes Leystone Farms, miel, laine, vinaigre, homestead, homesteading, simple life, simplicity, nurture, nurturing, Pontiac, Pontiac Quebec, Pontiac QC, Luskville, vineyard\u00a0\u00bb title_text=\u00a0\u00bbMoufles du lever de la lune copyright Fermes Leystone Farms, Inc, 2023&Prime; _builder_version=\u00a0\u00bb4.23.1&Prime; _module_preset=\u00a0\u00bbdefault\u00a0\u00bb global_colors_info=\u00a0\u00bb{}\u00a0\u00bb][\/et_pb_image][et_pb_image src=\u00a0\u00bbhttps:\/\/fermesleystone.com\/wp-content\/uploads\/2023\/12\/Black-sheep.png\u00a0\u00bb title_text=\u00a0\u00bbMouton noir\u00a0\u00bb _builder_version=\u00a0\u00bb4.23.1&Prime; _module_preset=\u00a0\u00bbdefault\u00a0\u00bb global_colors_info=\u00a0\u00bb{}\u00a0\u00bb][\/et_pb_image][et_pb_image src=\u00a0\u00bbhttps:\/\/fermesleystone.com\/wp-content\/uploads\/2023\/09\/City-to-Country-Feature.png\u00a0\u00bb alt=\u00a0\u00bbDe la ville \u00e0 la campagne, Fermes Leystone, Leystone Farms, Karri Munn-Venn, Trefor Munn-Venn, Pontiac Qu\u00e9bec, Luskville, retraite d&apos;\u00e9quipe, retraite de consolidation d&apos;\u00e9quipe, retraite d&apos;\u00e9quipe hors site, retraite d&apos;entreprise, retraite de consolidation d&apos;\u00e9quipe hors site.\u00a0\u00bb title_text=\u00a0\u00bbD&apos;une ville \u00e0 l&apos;autre &#8211; Dossier\u00a0\u00bb _builder_version=\u00a0\u00bb4.23.1&Prime; _module_preset=\u00a0\u00bbdefault\u00a0\u00bb global_colors_info=\u00a0\u00bb{}\u00a0\u00bb][\/et_pb_image][\/et_pb_column][\/et_pb_row][et_pb_row _builder_version=\u00a0\u00bb4.23.1&Prime; _module_preset=\u00a0\u00bbdefault\u00a0\u00bb custom_padding=\u00a0\u00bb40px|||||\u00a0\u00bb global_colors_info=\u00a0\u00bb{}\u00a0\u00bb][et_pb_column type=\u00a0\u00bb4_4&Prime; _builder_version=\u00a0\u00bb4.23.1&Prime; _module_preset=\u00a0\u00bbdefault\u00a0\u00bb global_colors_info=\u00a0\u00bb{}\u00a0\u00bb][et_pb_text _builder_version=\u00a0\u00bb4.23.1&Prime; _module_preset=\u00a0\u00bbdefault\u00a0\u00bb global_colors_info=\u00a0\u00bb{}\u00a0\u00bb]<\/p>\n<h1 style=\"text-align: center;\">Ce qui rend votre s\u00e9jour dans une petite maison si sp\u00e9cial<\/h1>\n<p>[\/et_pb_text][\/et_pb_column][\/et_pb_row][et_pb_row column_structure=\u00a0\u00bb1_2,1_2&Prime; _builder_version=\u00a0\u00bb4.23.1&Prime; _module_preset=\u00a0\u00bbdefault\u00a0\u00bb custom_margin=\u00a0\u00bb|auto|53px|auto||\u00a0\u00bb global_colors_info=\u00a0\u00bb{}\u00a0\u00bb][et_pb_column type=\u00a0\u00bb1_2&Prime; _builder_version=\u00a0\u00bb4.23.1&Prime; _module_preset=\u00a0\u00bbdefault\u00a0\u00bb global_colors_info=\u00a0\u00bb{}\u00a0\u00bb][et_pb_accordion _builder_version=\u00a0\u00bb4.23.1&Prime; _module_preset=\u00a0\u00bbdefault\u00a0\u00bb global_colors_info=\u00a0\u00bb{}\u00a0\u00bb][et_pb_accordion_item title=\u00a0\u00bbParking gratuit\u00a0\u00bb open=\u00a0\u00bbon\u00a0\u00bb _builder_version=\u00a0\u00bb4.23.1&Prime; _module_preset=\u00a0\u00bbdefault\u00a0\u00bb global_colors_info=\u00a0\u00bb{}\u00a0\u00bb]<\/p>\n<p>Nous disposons de nombreuses places de stationnement sur notre all\u00e9e en gravier. Et bien s\u00fbr, c&rsquo;est gratuit, vous n&rsquo;\u00eates plus en ville !!!   <\/p>\n<p>[\/et_pb_accordion_item][et_pb_accordion_item title=\u00a0\u00bbToilettes\u00a0\u00bb _builder_version=\u00a0\u00bb4.23.1&Prime; _module_preset=\u00a0\u00bbdefault\u00a0\u00bb global_colors_info=\u00a0\u00bb{}\u00a0\u00bb open=\u00a0\u00bboff\u00a0\u00bb]<\/p>\n<p>\u00c0 quelques pas du Tiny Home se trouvent nos toilettes \u00e0 compostage ultramodernes. Il est inodore et facile \u00e0 utiliser.<\/p>\n<p>[\/et_pb_accordion_item][et_pb_accordion_item title=\u00a0\u00bbL&apos;eau\u00a0\u00bb _builder_version=\u00a0\u00bb4.23.1&Prime; _module_preset=\u00a0\u00bbdefault\u00a0\u00bb global_colors_info=\u00a0\u00bb{}\u00a0\u00bb open=\u00a0\u00bboff\u00a0\u00bb]<\/p>\n<p>Il s&rsquo;agit d&rsquo;une petite maison rustique. Nous fournissons un grand r\u00e9cipient en verre contenant de l&rsquo;eau avec un robinet. Vous pouvez boire l&rsquo;eau et l&rsquo;utiliser pour faire la vaisselle ou pr\u00e9parer la nourriture.    <\/p>\n<p>[\/et_pb_accordion_item][et_pb_accordion_item title=\u00a0\u00bbMini-frigo\u00a0\u00bb _builder_version=\u00a0\u00bb4.23.1&Prime; _module_preset=\u00a0\u00bbdefault\u00a0\u00bb global_colors_info=\u00a0\u00bb{}\u00a0\u00bb open=\u00a0\u00bboff\u00a0\u00bb]<\/p>\n<p>Apportez vos aliments et en-cas pr\u00e9f\u00e9r\u00e9s &#8211; tout ce dont vous avez besoin pour nourrir votre corps et votre esprit. Vous pouvez les mettre dans notre mini-r\u00e9frig\u00e9rateur jusqu&rsquo;\u00e0 ce que vous soyez pr\u00eat \u00e0 manger un morceau. <\/p>\n<p>[\/et_pb_accordion_item][et_pb_accordion_item title=\u00a0\u00bbNombreux points de vente\u00a0\u00bb _builder_version=\u00a0\u00bb4.23.1&Prime; _module_preset=\u00a0\u00bbdefault\u00a0\u00bb global_colors_info=\u00a0\u00bb{}\u00a0\u00bb open=\u00a0\u00bboff\u00a0\u00bb]<\/p>\n<p>L&rsquo;alimentation de votre ordinateur portable ou de votre t\u00e9l\u00e9phone ne posera pas de probl\u00e8me, car de nombreuses prises de courant sont disponibles.<\/p>\n<p>[\/et_pb_accordion_item][\/et_pb_accordion][\/et_pb_column][et_pb_column type=\u00a0\u00bb1_2&Prime; _builder_version=\u00a0\u00bb4.23.1&Prime; _module_preset=\u00a0\u00bbdefault\u00a0\u00bb global_colors_info=\u00a0\u00bb{}\u00a0\u00bb][et_pb_accordion _builder_version=\u00a0\u00bb4.23.1&Prime; _module_preset=\u00a0\u00bbdefault\u00a0\u00bb global_colors_info=\u00a0\u00bb{}\u00a0\u00bb][et_pb_accordion_item title=\u00a0\u00bbTemp\u00e9rature contr\u00f4l\u00e9e\u00a0\u00bb open=\u00a0\u00bbon\u00a0\u00bb _builder_version=\u00a0\u00bb4.23.1&Prime; _module_preset=\u00a0\u00bbdefault\u00a0\u00bb global_colors_info=\u00a0\u00bb{}\u00a0\u00bb]<\/p>\n<p>La Tiny Home est isol\u00e9e et dispose d&rsquo;un chauffage petit mais efficace pour vous garder au chaud en hiver. En \u00e9t\u00e9, toutes les fen\u00eatres s&rsquo;ouvrent et nous l&rsquo;avons nich\u00e9e \u00e0 c\u00f4t\u00e9 d&rsquo;un \u00e9rable pour lui donner un peu d&rsquo;ombre.   <\/p>\n<p>[\/et_pb_accordion_item][et_pb_accordion_item title=\u00a0\u00bbLumineux et joyeux\u00a0\u00bb _builder_version=\u00a0\u00bb4.23.1&Prime; _module_preset=\u00a0\u00bbdefault\u00a0\u00bb global_colors_info=\u00a0\u00bb{}\u00a0\u00bb open=\u00a0\u00bboff\u00a0\u00bb]<\/p>\n<p>La lumi\u00e8re naturelle est stup\u00e9fiante car elle se d\u00e9verse sur la vue qui vous entoure.<\/p>\n<p>[\/et_pb_accordion_item][et_pb_accordion_item title=\u00a0\u00bbInternet\u00a0\u00bb _builder_version=\u00a0\u00bb4.23.1&Prime; _module_preset=\u00a0\u00bbdefault\u00a0\u00bb global_colors_info=\u00a0\u00bb{}\u00a0\u00bb open=\u00a0\u00bboff\u00a0\u00bb]<\/p>\n<p>L&rsquo;internet \u00e0 haut d\u00e9bit est disponible gratuitement. Il est aliment\u00e9 par Starlink et offre des vitesses de t\u00e9l\u00e9chargement typiques sup\u00e9rieures \u00e0 100 Mbps.<\/p>\n<p>[\/et_pb_accordion_item][et_pb_accordion_item title=\u00a0\u00bbRecyclage et d\u00e9chets\u00a0\u00bb _builder_version=\u00a0\u00bb4.23.1&Prime; _module_preset=\u00a0\u00bbdefault\u00a0\u00bb global_colors_info=\u00a0\u00bb{}\u00a0\u00bb open=\u00a0\u00bboff\u00a0\u00bb]<\/p>\n<p>Nous sommes tr\u00e8s attach\u00e9s \u00e0 la protection des sols et de l&rsquo;environnement. Des bacs de recyclage et des poubelles sont mis \u00e0 votre disposition afin que nous puissions prot\u00e9ger les terres qui nous ont \u00e9t\u00e9 confi\u00e9es.<\/p>\n<p>[\/et_pb_accordion_item][\/et_pb_accordion][\/et_pb_column][\/et_pb_row][\/et_pb_section][et_pb_section fb_built=\u00a0\u00bb1&Prime; _builder_version=\u00a0\u00bb4.16&Prime; _module_preset=\u00a0\u00bbdefault\u00a0\u00bb background_color=\u00a0\u00bb#f4f4f4&Prime; custom_margin=\u00a0\u00bb-4px|||||\u00a0\u00bb custom_padding=\u00a0\u00bb67px|||||\u00a0\u00bb locked=\u00a0\u00bboff\u00a0\u00bb global_colors_info=\u00a0\u00bb{}\u00a0\u00bb][et_pb_row column_structure=\u00a0\u00bb1_3,2_3&Prime; _builder_version=\u00a0\u00bb4.16&Prime; _module_preset=\u00a0\u00bbdefault\u00a0\u00bb custom_margin=\u00a0\u00bb|auto|6px|auto||\u00a0\u00bb global_colors_info=\u00a0\u00bb{}\u00a0\u00bb][et_pb_column type=\u00a0\u00bb1_3&Prime; _builder_version=\u00a0\u00bb4.16&Prime; _module_preset=\u00a0\u00bbdefault\u00a0\u00bb global_colors_info=\u00a0\u00bb{}\u00a0\u00bb][et_pb_text _builder_version=\u00a0\u00bb4.23.1&Prime; _module_preset=\u00a0\u00bbdefault\u00a0\u00bb header_line_height=\u00a0\u00bb1.2em\u00a0\u00bb global_colors_info=\u00a0\u00bb{}\u00a0\u00bb]<\/p>\n<h1>Int\u00e9ress\u00e9 par une retraite ?<\/h1>\n<p><strong>Nous serions ravis de vous compter parmi nous ! N&rsquo;oubliez pas d&rsquo;indiquer les informations suivantes et nous vous r\u00e9pondrons dans les plus brefs d\u00e9lais :<\/strong><\/p>\n<ul>\n<li style=\"list-style-type: none;\">\n<ul>\n<li>Votre nom<\/li>\n<li>Adresse \u00e9lectronique<\/li>\n<li>Num\u00e9ro de t\u00e9l\u00e9phone direct<\/li>\n<li>Dates souhait\u00e9es<\/li>\n<\/ul>\n<\/li>\n<\/ul>\n<p><strong>Les locations sont disponibles toute l&rsquo;ann\u00e9e.  <\/strong><\/p>\n<p>&nbsp;<\/p>\n<p>[\/et_pb_text][\/et_pb_column][et_pb_column type=\u00a0\u00bb2_3&Prime; _builder_version=\u00a0\u00bb4.16&Prime; _module_preset=\u00a0\u00bbdefault\u00a0\u00bb global_colors_info=\u00a0\u00bb{}\u00a0\u00bb][et_pb_code _builder_version=\u00a0\u00bb4.23.1&Prime; _module_preset=\u00a0\u00bbdefault\u00a0\u00bb custom_margin=\u00a0\u00bb-39px|||||\u00a0\u00bb global_colors_info=\u00a0\u00bb{}\u00a0\u00bb]<\/p>\n<div id=\"mc_embed_shell\"><!-- [et_pb_line_break_holder] -->      <link href=\"\/\/cdn-images.mailchimp.com\/embedcode\/classic-061523.css\" rel=\"stylesheet\" type=\"text\/css\"><!-- [et_pb_line_break_holder] -->  <\/p>\n<style type=\"text\/css\"><!-- [et_pb_line_break_holder] -->        #mc_embed_signup{background:#fff; false;clear:left; font:14px Helvetica,Arial,sans-serif; width: 600px;}<!-- [et_pb_line_break_holder] -->        \/* Add your own Mailchimp form style overrides in your site stylesheet or in this style block.<!-- [et_pb_line_break_holder] -->           We recommend moving this block and the preceding CSS link to the HEAD of your HTML file. *\/<!-- [et_pb_line_break_holder] --><\/style>\n<p><!-- [et_pb_line_break_holder] --><\/p>\n<div id=\"mc_embed_signup\"><!-- [et_pb_line_break_holder] -->    <\/p>\n<form action=\"https:\/\/fermesleystone.us20.list-manage.com\/subscribe\/post?u=e111a32f9ef44afef9630a481&amp;id=8838cacb1e&amp;f_id=00b6c4f1f0\" method=\"post\" id=\"mc-embedded-subscribe-form\" name=\"mc-embedded-subscribe-form\" class=\"validate\" target=\"_blank\"><!-- [et_pb_line_break_holder] -->        <\/p>\n<div id=\"mc_embed_signup_scroll\"><!-- [et_pb_line_break_holder] -->            <\/p>\n<div class=\"indicates-required\"><span class=\"asterisk\">*<\/span> indique qu&rsquo;il est n\u00e9cessaire<\/div>\n<p><!-- [et_pb_line_break_holder] -->            <\/p>\n<div class=\"mc-field-group\"><label for=\"mce-EMAIL\">Courriel \/ Email <span class=\"asterisk\">*<\/span><\/label><input type=\"email\" name=\"EMAIL\" class=\"required email\" id=\"mce-EMAIL\" required=\"\" value=\"\"><\/div>\n<div class=\"mc-field-group\"><label for=\"mce-FNAME\">Pr\u00e9nom \/ First Name  <\/label><input type=\"text\" name=\"FNAME\" class=\" text\" id=\"mce-FNAME\" value=\"\"><\/div>\n<div class=\"mc-field-group\"><label for=\"mce-LNAME\">Nom \/ Nom de famille  <\/label><input type=\"text\" name=\"LNAME\" class=\" text\" id=\"mce-LNAME\" value=\"\"><\/div>\n<div class=\"mc-field-group\"><label for=\"mce-MMERGE6\">Quelles sont les dates ? \/ What dates ?   <\/label><input type=\"text\" name=\"MMERGE6\" class=\" text\" id=\"mce-MMERGE6\" value=\"\"><\/div>\n<div class=\"mc-field-group\"><label for=\"mce-MMERGE7\">Message  <\/label><input type=\"text\" name=\"MMERGE7\" class=\" text\" id=\"mce-MMERGE7\" value=\"\"><\/div>\n<div class=\"mc-field-group\"><label for=\"mce-MMERGE5\">Langue \/ Language <span class=\"asterisk\">*<\/span><\/label><select name=\"MMERGE5\" class=\"required\" id=\"mce-MMERGE5\"><option value=\"\"><\/option><option value=\"Fran\u00e7ais\">Fran\u00e7ais<\/option><option value=\"Anglais\">Anglais<\/option><\/select><\/div>\n<p><!-- [et_pb_line_break_holder] --><\/p>\n<div hidden=\"\"><input type=\"hidden\" name=\"tags\" value=\"4255245,3942764\"><\/div>\n<p><!-- [et_pb_line_break_holder] -->        <\/p>\n<div id=\"mce-responses\" class=\"clear\"><!-- [et_pb_line_break_holder] -->            <\/p>\n<div class=\"response\" id=\"mce-error-response\" style=\"display: none;\"><\/div>\n<p><!-- [et_pb_line_break_holder] -->            <\/p>\n<div class=\"response\" id=\"mce-success-response\" style=\"display: none;\"><\/div>\n<p><!-- [et_pb_line_break_holder] -->        <\/div>\n<div aria-hidden=\"true\" style=\"position: absolute; left: -5000px;\"><input type=\"text\" name=\"b_e111a32f9ef44afef9630a481_8838cacb1e\" tabindex=\"-1\" value=\"\"><\/div>\n<div class=\"clear\"><input type=\"submit\" name=\"subscribe\" id=\"mc-embedded-subscribe\" class=\"button\" value=\"S'abonner\"><\/div>\n<p><!-- [et_pb_line_break_holder] -->    <\/div>\n<p><!-- [et_pb_line_break_holder] --><\/form>\n<p><!-- [et_pb_line_break_holder] --><\/div>\n<p><!-- [et_pb_line_break_holder] --><script type=\"text\/javascript\" src=\"\/\/s3.amazonaws.com\/downloads.mailchimp.com\/js\/mc-validate.js\"><\/script><script type=\"text\/javascript\">(function($) {window.fnames = new Array(); window.ftypes = new Array();fnames[0]='EMAIL';ftypes[0]='email';fnames[1]='FNAME';ftypes[1]='text';fnames[2]='LNAME';ftypes[2]='text';fnames[6]='MMERGE6';ftypes[6]='text';fnames[7]='MMERGE7';ftypes[7]='text';fnames[5]='MMERGE5';ftypes[5]='dropdown';fnames[3]='ADDRESS';ftypes[3]='address';fnames[4]='PHONE';ftypes[4]='phone';}(jQuery));var $mcj = jQuery.noConflict(true);<\/script><\/div>\n<p><!-- [et_pb_line_break_holder] -->[\/et_pb_code][\/et_pb_column][\/et_pb_row][\/et_pb_section][et_pb_section fb_built=\u00a0\u00bb1&Prime; _builder_version=\u00a0\u00bb4.23.1&Prime; _module_preset=\u00a0\u00bbdefault\u00a0\u00bb global_colors_info=\u00a0\u00bb{}\u00a0\u00bb][et_pb_row column_structure=\u00a0\u00bb1_3,1_3,1_3&Prime; _builder_version=\u00a0\u00bb4.23.1&Prime; _module_preset=\u00a0\u00bbdefault\u00a0\u00bb global_colors_info=\u00a0\u00bb{}\u00a0\u00bb][et_pb_column type=\u00a0\u00bb1_3&Prime; _builder_version=\u00a0\u00bb4.23.1&Prime; _module_preset=\u00a0\u00bbdefault\u00a0\u00bb global_colors_info=\u00a0\u00bb{}\u00a0\u00bb][et_pb_image src=\u00a0\u00bbhttps:\/\/fermesleystone.com\/wp-content\/uploads\/2023\/10\/Rustic-Ranger.png\u00a0\u00bb title_text=\u00a0\u00bbRustique Ranger\u00a0\u00bb _builder_version=\u00a0\u00bb4.23.1&Prime; _module_preset=\u00a0\u00bbdefault\u00a0\u00bb global_colors_info=\u00a0\u00bb{}\u00a0\u00bb][\/et_pb_image][\/et_pb_column][et_pb_column type=\u00a0\u00bb1_3&Prime; _builder_version=\u00a0\u00bb4.23.1&Prime; _module_preset=\u00a0\u00bbdefault\u00a0\u00bb global_colors_info=\u00a0\u00bb{}\u00a0\u00bb][et_pb_image src=\u00a0\u00bbhttps:\/\/fermesleystone.com\/wp-content\/uploads\/2023\/10\/Honey.png\u00a0\u00bb alt=\u00a0\u00bbFermes Leystone, Leystone Farms ,Pontiac, Nurture, Karri Munn-Venn, Trefor Munn-Venn, vinaigre artisanal, de la ville \u00e0 la campagne, moutons, granul\u00e9s de laine, miel\u00a0\u00bb title_text=\u00a0\u00bbMiel\u00a0\u00bb _builder_version=\u00a0\u00bb4.23.1&Prime; _module_preset=\u00a0\u00bbdefault\u00a0\u00bb global_colors_info=\u00a0\u00bb{}\u00a0\u00bb][\/et_pb_image][\/et_pb_column][et_pb_column type=\u00a0\u00bb1_3&Prime; _builder_version=\u00a0\u00bb4.23.1&Prime; _module_preset=\u00a0\u00bbdefault\u00a0\u00bb global_colors_info=\u00a0\u00bb{}\u00a0\u00bb][et_pb_image src=\u00a0\u00bbhttps:\/\/fermesleystone.com\/wp-content\/uploads\/2023\/09\/City-to-Country-Feature.png\u00a0\u00bb alt=\u00a0\u00bbde la ville \u00e0 la campagne, Fermes Leystone, Leystone Farms, Karri Munn-Venn, Trefor Munn-Venn, Pontiac Qu\u00e9bec, Luskville\u00a0\u00bb title_text=\u00a0\u00bbD&apos;une ville \u00e0 l&apos;autre &#8211; Dossier\u00a0\u00bb _builder_version=\u00a0\u00bb4.23.1&Prime; _module_preset=\u00a0\u00bbdefault\u00a0\u00bb global_colors_info=\u00a0\u00bb{}\u00a0\u00bb][\/et_pb_image][\/et_pb_column][\/et_pb_row][\/et_pb_section][et_pb_section fb_built=\u00a0\u00bb1&Prime; _builder_version=\u00a0\u00bb4.16&Prime; _module_preset=\u00a0\u00bbdefault\u00a0\u00bb custom_padding=\u00a0\u00bb||0px|||\u00a0\u00bb global_colors_info=\u00a0\u00bb{}\u00a0\u00bb][et_pb_row _builder_version=\u00a0\u00bb4.16&Prime; _module_preset=\u00a0\u00bbdefault\u00a0\u00bb global_colors_info=\u00a0\u00bb{}\u00a0\u00bb][et_pb_column type=\u00a0\u00bb4_4&Prime; _builder_version=\u00a0\u00bb4.16&Prime; _module_preset=\u00a0\u00bbdefault\u00a0\u00bb global_colors_info=\u00a0\u00bb{}\u00a0\u00bb][et_pb_text _builder_version=\u00a0\u00bb4.23.1&Prime; _module_preset=\u00a0\u00bbdefault\u00a0\u00bb global_colors_info=\u00a0\u00bb{}\u00a0\u00bb]<\/p>\n<h1>Que se passe-t-il \u00e0 Leystone ces jours-ci ?<\/h1>\n<p>[\/et_pb_text][et_pb_blog fullwidth=\u00a0\u00bboff\u00a0\u00bb posts_number=\u00a0\u00bb3&Prime; include_categories=\u00a0\u00bb16&Prime; use_manual_excerpt=\u00a0\u00bboff\u00a0\u00bb show_author=\u00a0\u00bboff\u00a0\u00bb show_date=\u00a0\u00bboff\u00a0\u00bb show_categories=\u00a0\u00bboff\u00a0\u00bb show_excerpt=\u00a0\u00bboff\u00a0\u00bb _builder_version=\u00a0\u00bb4.16&Prime; _module_preset=\u00a0\u00bbdefault\u00a0\u00bb background_color=\u00a0\u00bbrgba(0,0,0,0)\u00a0\u00bb custom_margin=\u00a0\u00bb12px|||||\u00a0\u00bb border_width_all=\u00a0\u00bb0px\u00a0\u00bb border_style_all_image=\u00a0\u00bbnone\u00a0\u00bb global_colors_info=\u00a0\u00bb{}\u00a0\u00bb][\/et_pb_blog][\/et_pb_column][\/et_pb_row][\/et_pb_section]<\/p>\n","protected":false},"excerpt":{"rendered":"<p>Cette retraite unique est con\u00e7ue pour les tricoteurs, les crocheteurs, les fileurs et les artisans. Passez du temps avec nos moutons, d\u00e9tendez-vous et profitez de la campagne. Pendant votre s\u00e9jour, vous aurez la rare opportunit\u00e9 d&rsquo;interagir avec notre troupeau bien-aim\u00e9 ! Sentez le lien entre la terre, les animaux et la fibre en profitant de moments paisibles pour nourrir ou simplement observer ces douces cr\u00e9atures.    Dans le cadre de la retraite, vous recevrez un kit de tricot sp\u00e9cialement con\u00e7u, comprenant un magnifique mod\u00e8le et des mat\u00e9riaux qui refl\u00e8tent le c\u0153ur de la ferme.  <\/p>\n","protected":false},"author":2,"featured_media":1577,"parent":0,"menu_order":0,"comment_status":"closed","ping_status":"closed","template":"","meta":{"_et_pb_use_builder":"on","_et_pb_old_content":"","_et_gb_content_width":"","footnotes":""},"class_list":["post-2115","page","type-page","status-publish","has-post-thumbnail","hentry"],"yoast_head":"<!-- This site is optimized with the Yoast SEO plugin v24.4 - https:\/\/yoast.com\/wordpress\/plugins\/seo\/ -->\n<title>Retraite Flock &amp; Fibre - Fermes Leystone<\/title>\n<meta name=\"description\" content=\"Cette retraite unique est con\u00e7ue pour les tricoteurs, les crocheteurs, les fileurs et les artisans. Passez du temps avec nos moutons, d\u00e9tendez-vous et savourez la campagne.\" \/>\n<meta name=\"robots\" content=\"index, follow, max-snippet:-1, max-image-preview:large, max-video-preview:-1\" \/>\n<link rel=\"canonical\" href=\"https:\/\/fermesleystone.com\/fr\/auto-draft\/\" \/>\n<meta property=\"og:locale\" content=\"fr_FR\" \/>\n<meta property=\"og:type\" content=\"article\" \/>\n<meta property=\"og:title\" content=\"Retraite Flock &amp; Fibre\" \/>\n<meta property=\"og:description\" content=\"Cette retraite unique est con\u00e7ue pour les tricoteurs, les crocheteurs, les fileurs et les artisans. Passez du temps avec nos moutons, d\u00e9tendez-vous et profitez de la campagne. Pendant votre s\u00e9jour, vous aurez la rare opportunit\u00e9 d&#039;interagir avec notre troupeau bien-aim\u00e9 ! Sentez le lien entre la terre, les animaux et la fibre en profitant de moments paisibles pour nourrir ou simplement observer ces douces cr\u00e9atures. Dans le cadre de la retraite, vous recevrez un kit de tricot sp\u00e9cialement con\u00e7u, comprenant un magnifique mod\u00e8le et des mat\u00e9riaux qui refl\u00e8tent le c\u0153ur de la ferme.\" \/>\n<meta property=\"og:url\" content=\"https:\/\/fermesleystone.com\/fr\/auto-draft\/\" \/>\n<meta property=\"og:site_name\" content=\"Fermes Leystone\" \/>\n<meta property=\"article:publisher\" content=\"https:\/\/www.facebook.com\/LeystoneFarms\" \/>\n<meta property=\"article:modified_time\" content=\"2025-03-01T17:22:55+00:00\" \/>\n<meta property=\"og:image\" content=\"https:\/\/fermesleystone.com\/wp-content\/uploads\/2024\/12\/shepherds-cabin.png\" \/>\n<meta name=\"twitter:card\" content=\"summary_large_image\" \/>\n<meta name=\"twitter:title\" content=\"Retraite Flock &amp; Fibre\" \/>\n<meta name=\"twitter:description\" content=\"Cette retraite unique est con\u00e7ue pour les tricoteurs, les crocheteurs, les fileurs et les artisans. Passez du temps avec nos moutons, d\u00e9tendez-vous et profitez de la campagne. Pendant votre s\u00e9jour, vous aurez la rare opportunit\u00e9 d&#039;interagir avec notre troupeau bien-aim\u00e9 ! Sentez le lien entre la terre, les animaux et la fibre en profitant de moments paisibles pour nourrir ou simplement observer ces douces cr\u00e9atures. Dans le cadre de la retraite, vous recevrez un kit de tricot sp\u00e9cialement con\u00e7u, comprenant un magnifique mod\u00e8le et des mat\u00e9riaux qui refl\u00e8tent le c\u0153ur de la ferme.\" \/>\n<meta name=\"twitter:image\" content=\"https:\/\/fermesleystone.com\/wp-content\/uploads\/2024\/12\/shepherds-cabin.png\" \/>\n<meta name=\"twitter:label1\" content=\"Dur\u00e9e de lecture estim\u00e9e\" \/>\n\t<meta name=\"twitter:data1\" content=\"12 minutes\" \/>\n<script type=\"application\/ld+json\" class=\"yoast-schema-graph\">{\"@context\":\"https:\/\/schema.org\",\"@graph\":[{\"@type\":\"WebPage\",\"@id\":\"https:\/\/fermesleystone.com\/fr\/auto-draft\/\",\"url\":\"https:\/\/fermesleystone.com\/fr\/auto-draft\/\",\"name\":\"Retraite Flock &amp; Fibre - Fermes Leystone\",\"isPartOf\":{\"@id\":\"https:\/\/fermesleystone.com\/fr\/#website\"},\"primaryImageOfPage\":{\"@id\":\"https:\/\/fermesleystone.com\/fr\/auto-draft\/#primaryimage\"},\"image\":{\"@id\":\"https:\/\/fermesleystone.com\/fr\/auto-draft\/#primaryimage\"},\"thumbnailUrl\":\"https:\/\/i0.wp.com\/fermesleystone.com\/wp-content\/uploads\/2023\/12\/A-Single-Value-Nurture.png?fit=400%2C400&ssl=1\",\"datePublished\":\"2024-12-27T16:30:09+00:00\",\"dateModified\":\"2025-03-01T17:22:55+00:00\",\"description\":\"Cette retraite unique est con\u00e7ue pour les tricoteurs, les crocheteurs, les fileurs et les artisans. Passez du temps avec nos moutons, d\u00e9tendez-vous et savourez la campagne.\",\"breadcrumb\":{\"@id\":\"https:\/\/fermesleystone.com\/fr\/auto-draft\/#breadcrumb\"},\"inLanguage\":\"fr-FR\",\"potentialAction\":[{\"@type\":\"ReadAction\",\"target\":[\"https:\/\/fermesleystone.com\/fr\/auto-draft\/\"]}]},{\"@type\":\"ImageObject\",\"inLanguage\":\"fr-FR\",\"@id\":\"https:\/\/fermesleystone.com\/fr\/auto-draft\/#primaryimage\",\"url\":\"https:\/\/i0.wp.com\/fermesleystone.com\/wp-content\/uploads\/2023\/12\/A-Single-Value-Nurture.png?fit=400%2C400&ssl=1\",\"contentUrl\":\"https:\/\/i0.wp.com\/fermesleystone.com\/wp-content\/uploads\/2023\/12\/A-Single-Value-Nurture.png?fit=400%2C400&ssl=1\",\"width\":400,\"height\":400},{\"@type\":\"BreadcrumbList\",\"@id\":\"https:\/\/fermesleystone.com\/fr\/auto-draft\/#breadcrumb\",\"itemListElement\":[{\"@type\":\"ListItem\",\"position\":1,\"name\":\"Home\",\"item\":\"https:\/\/fermesleystone.com\/fr\/\"},{\"@type\":\"ListItem\",\"position\":2,\"name\":\"Retraite Flock &amp; Fibre\"}]},{\"@type\":\"WebSite\",\"@id\":\"https:\/\/fermesleystone.com\/fr\/#website\",\"url\":\"https:\/\/fermesleystone.com\/fr\/\",\"name\":\"Fermes Leystone\",\"description\":\"Regenerative farm and vineyard in the Pontiac, Quebec\",\"publisher\":{\"@id\":\"https:\/\/fermesleystone.com\/fr\/#organization\"},\"potentialAction\":[{\"@type\":\"SearchAction\",\"target\":{\"@type\":\"EntryPoint\",\"urlTemplate\":\"https:\/\/fermesleystone.com\/fr\/?s={search_term_string}\"},\"query-input\":{\"@type\":\"PropertyValueSpecification\",\"valueRequired\":true,\"valueName\":\"search_term_string\"}}],\"inLanguage\":\"fr-FR\"},{\"@type\":\"Organization\",\"@id\":\"https:\/\/fermesleystone.com\/fr\/#organization\",\"name\":\"Fermes Leystone\",\"url\":\"https:\/\/fermesleystone.com\/fr\/\",\"logo\":{\"@type\":\"ImageObject\",\"inLanguage\":\"fr-FR\",\"@id\":\"https:\/\/fermesleystone.com\/fr\/#\/schema\/logo\/image\/\",\"url\":\"https:\/\/fermesleystone.com\/wp-content\/uploads\/2022\/10\/LEYSTONE_logo_final_2-tone_mortar_grey-e1665165989188.png\",\"contentUrl\":\"https:\/\/fermesleystone.com\/wp-content\/uploads\/2022\/10\/LEYSTONE_logo_final_2-tone_mortar_grey-e1665165989188.png\",\"width\":5600,\"height\":1960,\"caption\":\"Fermes Leystone\"},\"image\":{\"@id\":\"https:\/\/fermesleystone.com\/fr\/#\/schema\/logo\/image\/\"},\"sameAs\":[\"https:\/\/www.facebook.com\/LeystoneFarms\",\"https:\/\/www.instagram.com\/leystonefarms\/\"]}]}<\/script>\n<!-- \/ Yoast SEO plugin. -->","yoast_head_json":{"title":"Retraite Flock &amp; Fibre - Fermes Leystone","description":"Cette retraite unique est con\u00e7ue pour les tricoteurs, les crocheteurs, les fileurs et les artisans. Passez du temps avec nos moutons, d\u00e9tendez-vous et savourez la campagne.","robots":{"index":"index","follow":"follow","max-snippet":"max-snippet:-1","max-image-preview":"max-image-preview:large","max-video-preview":"max-video-preview:-1"},"canonical":"https:\/\/fermesleystone.com\/fr\/auto-draft\/","og_locale":"fr_FR","og_type":"article","og_title":"Retraite Flock & Fibre","og_description":"Cette retraite unique est con\u00e7ue pour les tricoteurs, les crocheteurs, les fileurs et les artisans. Passez du temps avec nos moutons, d\u00e9tendez-vous et profitez de la campagne. Pendant votre s\u00e9jour, vous aurez la rare opportunit\u00e9 d'interagir avec notre troupeau bien-aim\u00e9 ! Sentez le lien entre la terre, les animaux et la fibre en profitant de moments paisibles pour nourrir ou simplement observer ces douces cr\u00e9atures. Dans le cadre de la retraite, vous recevrez un kit de tricot sp\u00e9cialement con\u00e7u, comprenant un magnifique mod\u00e8le et des mat\u00e9riaux qui refl\u00e8tent le c\u0153ur de la ferme.","og_url":"https:\/\/fermesleystone.com\/fr\/auto-draft\/","og_site_name":"Fermes Leystone","article_publisher":"https:\/\/www.facebook.com\/LeystoneFarms","article_modified_time":"2025-03-01T17:22:55+00:00","og_image":[{"url":"https:\/\/fermesleystone.com\/wp-content\/uploads\/2024\/12\/shepherds-cabin.png","type":"","width":"","height":""}],"twitter_card":"summary_large_image","twitter_title":"Retraite Flock & Fibre","twitter_description":"Cette retraite unique est con\u00e7ue pour les tricoteurs, les crocheteurs, les fileurs et les artisans. Passez du temps avec nos moutons, d\u00e9tendez-vous et profitez de la campagne. Pendant votre s\u00e9jour, vous aurez la rare opportunit\u00e9 d'interagir avec notre troupeau bien-aim\u00e9 ! Sentez le lien entre la terre, les animaux et la fibre en profitant de moments paisibles pour nourrir ou simplement observer ces douces cr\u00e9atures. Dans le cadre de la retraite, vous recevrez un kit de tricot sp\u00e9cialement con\u00e7u, comprenant un magnifique mod\u00e8le et des mat\u00e9riaux qui refl\u00e8tent le c\u0153ur de la ferme.","twitter_image":"https:\/\/fermesleystone.com\/wp-content\/uploads\/2024\/12\/shepherds-cabin.png","twitter_misc":{"Dur\u00e9e de lecture estim\u00e9e":"12 minutes"},"schema":{"@context":"https:\/\/schema.org","@graph":[{"@type":"WebPage","@id":"https:\/\/fermesleystone.com\/fr\/auto-draft\/","url":"https:\/\/fermesleystone.com\/fr\/auto-draft\/","name":"Retraite Flock &amp; Fibre - Fermes Leystone","isPartOf":{"@id":"https:\/\/fermesleystone.com\/fr\/#website"},"primaryImageOfPage":{"@id":"https:\/\/fermesleystone.com\/fr\/auto-draft\/#primaryimage"},"image":{"@id":"https:\/\/fermesleystone.com\/fr\/auto-draft\/#primaryimage"},"thumbnailUrl":"https:\/\/i0.wp.com\/fermesleystone.com\/wp-content\/uploads\/2023\/12\/A-Single-Value-Nurture.png?fit=400%2C400&ssl=1","datePublished":"2024-12-27T16:30:09+00:00","dateModified":"2025-03-01T17:22:55+00:00","description":"Cette retraite unique est con\u00e7ue pour les tricoteurs, les crocheteurs, les fileurs et les artisans. Passez du temps avec nos moutons, d\u00e9tendez-vous et savourez la campagne.","breadcrumb":{"@id":"https:\/\/fermesleystone.com\/fr\/auto-draft\/#breadcrumb"},"inLanguage":"fr-FR","potentialAction":[{"@type":"ReadAction","target":["https:\/\/fermesleystone.com\/fr\/auto-draft\/"]}]},{"@type":"ImageObject","inLanguage":"fr-FR","@id":"https:\/\/fermesleystone.com\/fr\/auto-draft\/#primaryimage","url":"https:\/\/i0.wp.com\/fermesleystone.com\/wp-content\/uploads\/2023\/12\/A-Single-Value-Nurture.png?fit=400%2C400&ssl=1","contentUrl":"https:\/\/i0.wp.com\/fermesleystone.com\/wp-content\/uploads\/2023\/12\/A-Single-Value-Nurture.png?fit=400%2C400&ssl=1","width":400,"height":400},{"@type":"BreadcrumbList","@id":"https:\/\/fermesleystone.com\/fr\/auto-draft\/#breadcrumb","itemListElement":[{"@type":"ListItem","position":1,"name":"Home","item":"https:\/\/fermesleystone.com\/fr\/"},{"@type":"ListItem","position":2,"name":"Retraite Flock &amp; Fibre"}]},{"@type":"WebSite","@id":"https:\/\/fermesleystone.com\/fr\/#website","url":"https:\/\/fermesleystone.com\/fr\/","name":"Fermes Leystone","description":"Regenerative farm and vineyard in the Pontiac, Quebec","publisher":{"@id":"https:\/\/fermesleystone.com\/fr\/#organization"},"potentialAction":[{"@type":"SearchAction","target":{"@type":"EntryPoint","urlTemplate":"https:\/\/fermesleystone.com\/fr\/?s={search_term_string}"},"query-input":{"@type":"PropertyValueSpecification","valueRequired":true,"valueName":"search_term_string"}}],"inLanguage":"fr-FR"},{"@type":"Organization","@id":"https:\/\/fermesleystone.com\/fr\/#organization","name":"Fermes Leystone","url":"https:\/\/fermesleystone.com\/fr\/","logo":{"@type":"ImageObject","inLanguage":"fr-FR","@id":"https:\/\/fermesleystone.com\/fr\/#\/schema\/logo\/image\/","url":"https:\/\/fermesleystone.com\/wp-content\/uploads\/2022\/10\/LEYSTONE_logo_final_2-tone_mortar_grey-e1665165989188.png","contentUrl":"https:\/\/fermesleystone.com\/wp-content\/uploads\/2022\/10\/LEYSTONE_logo_final_2-tone_mortar_grey-e1665165989188.png","width":5600,"height":1960,"caption":"Fermes Leystone"},"image":{"@id":"https:\/\/fermesleystone.com\/fr\/#\/schema\/logo\/image\/"},"sameAs":["https:\/\/www.facebook.com\/LeystoneFarms","https:\/\/www.instagram.com\/leystonefarms\/"]}]}},"jetpack_sharing_enabled":true,"_links":{"self":[{"href":"https:\/\/fermesleystone.com\/fr\/wp-json\/wp\/v2\/pages\/2115","targetHints":{"allow":["GET"]}}],"collection":[{"href":"https:\/\/fermesleystone.com\/fr\/wp-json\/wp\/v2\/pages"}],"about":[{"href":"https:\/\/fermesleystone.com\/fr\/wp-json\/wp\/v2\/types\/page"}],"author":[{"embeddable":true,"href":"https:\/\/fermesleystone.com\/fr\/wp-json\/wp\/v2\/users\/2"}],"replies":[{"embeddable":true,"href":"https:\/\/fermesleystone.com\/fr\/wp-json\/wp\/v2\/comments?post=2115"}],"version-history":[{"count":13,"href":"https:\/\/fermesleystone.com\/fr\/wp-json\/wp\/v2\/pages\/2115\/revisions"}],"predecessor-version":[{"id":2184,"href":"https:\/\/fermesleystone.com\/fr\/wp-json\/wp\/v2\/pages\/2115\/revisions\/2184"}],"wp:featuredmedia":[{"embeddable":true,"href":"https:\/\/fermesleystone.com\/fr\/wp-json\/wp\/v2\/media\/1577"}],"wp:attachment":[{"href":"https:\/\/fermesleystone.com\/fr\/wp-json\/wp\/v2\/media?parent=2115"}],"curies":[{"name":"wp","href":"https:\/\/api.w.org\/{rel}","templated":true}]}}